{"id":13,"date":"2024-11-11T12:27:43","date_gmt":"2024-11-11T12:27:43","guid":{"rendered":"https:\/\/anorteagricola.pt\/?page_id=13"},"modified":"2024-11-12T17:51:27","modified_gmt":"2024-11-12T17:51:27","slug":"sobre-nos","status":"publish","type":"page","link":"https:\/\/anorteagricola.pt\/index.php\/sobre-nos\/","title":{"rendered":"Sobre N\u00f3s"},"content":{"rendered":"\t\t<div data-elementor-type=\"wp-page\" data-elementor-id=\"13\" class=\"elementor elementor-13\">\n\t\t\t\t<div class=\"elementor-element elementor-element-19de8839 e-flex e-con-boxed e-con e-parent\" data-id=\"19de8839\" data-element_type=\"container\" data-e-type=\"container\">\n\t\t\t\t\t<div class=\"e-con-inner\">\n\t\t\t\t<div class=\"elementor-element elementor-element-6d5bd6f3 elementor-widget elementor-widget-text-editor\" data-id=\"6d5bd6f3\" data-element_type=\"widget\" data-e-type=\"widget\" data-widget_type=\"text-editor.default\">\n\t\t\t\t<div class=\"elementor-widget-container\">\n\t\t\t\t\t\t\t\t\t<p>A <strong>ANA<\/strong> \u2013 Associa\u00e7\u00e3o Norte Agr\u00edcola, como todas as Organiza\u00e7\u00f5es, \u00e9 uma unidade social coordenada conscientemente com uma base de funcionamento relativamente cont\u00ednua para alcan\u00e7ar um objetivo ou um conjunto de objetivos; pretende obter uma ou v\u00e1rias vantagens e corresponder a necessidades (pessoais, econ\u00f3micas, de seguran\u00e7a, etc.) dos seus associados, funcion\u00e1rios e utilizadores. A miss\u00e3o da ANA est\u00e1 expressa no objeto social dos seus estatutos, legitimando a raz\u00e3o da sua exist\u00eancia e o seu papel e fun\u00e7\u00e3o na sociedade. Desde a sua cria\u00e7\u00e3o, a estrat\u00e9gia da ANA tem sido uma estrat\u00e9gia de crescimento e consolida\u00e7\u00e3o, pelo que o ano de 2016 ser\u00e1 orientado no mesmo sentido.<\/p>\n<p>De acordo com os diversos objetivos a que a ANA se prop\u00f5e, a Forma\u00e7\u00e3o Profissional \u2013 Forma\u00e7\u00e3o e Consultoria a PME\u2019S tem um papel importante no desenvolvimento das suas atividades, assim a atividade formativa faz parte integrante do plano de desenvolvimento desta Entidade. \u00c9 utilizada como canal estrat\u00e9gico para melhorar as rela\u00e7\u00f5es entre a Entidade \u2013 associados e o p\u00fablico em geral, pois possibilita chegar junto das pessoas permitindo-lhes de forma simples, adquirir conhecimentos importantes para o desempenho das suas fun\u00e7\u00f5es, bem como a melhoria da sua qualidade de vida. Para a ANA, possibilitar este tipo de ajuda \u00e9 uma mais valia, pois permite \u00e0 mesma desenvolver outros sectores que se complementam com a a\u00e7\u00e3o formativa, alargando o seu leque de oferta a todos os intervenientes na agricultura.<\/p>\t\t\t\t\t\t\t\t<\/div>\n\t\t\t\t<\/div>\n\t\t\t\t<div class=\"elementor-element elementor-element-d279b7b elementor-widget elementor-widget-text-editor\" data-id=\"d279b7b\" data-element_type=\"widget\" data-e-type=\"widget\" data-widget_type=\"text-editor.default\">\n\t\t\t\t<div class=\"elementor-widget-container\">\n\t\t\t\t\t\t\t\t\t<p><strong>Servi\u00e7os Prestados aos Associados<\/strong><br \/>Os servi\u00e7os prestados pela A.N.A. s\u00e3o, resumidamente:<\/p>\n<ul>\n<li>Elabora\u00e7\u00e3o de Contabilidade de gest\u00e3o e\/ou Fiscal;<\/li>\n<li>Servi\u00e7os de aconselhamento Agr\u00edcola de Florestal;<\/li>\n<li>Elabora\u00e7\u00e3o de Projetos de Investimento no \u00e2mbito do Programa PDR2020 e Portugal 2020;<\/li>\n<li>Acompanhamento\/Aconselhamento T\u00e9cnico;<\/li>\n<li>Preenchimento de candidaturas aos pr\u00e9mios e Ajudas Anuais, Ajudas \u00e0 Superf\u00edcie, Pr\u00e9mio animal e Medidas Agro-Ambientais e Silvo-Ambientais;<\/li>\n<li>Realiza\u00e7\u00e3o de sess\u00f5es de esclarecimento sobre temas de interesse para associados (processos de licenciamento);<\/li>\n<li>Tratamento e divulga\u00e7\u00e3o de informa\u00e7\u00e3o;<\/li>\n<li>Forma\u00e7\u00e3o Profissional;<\/li>\n<li>Apoio T\u00e9cnico a agricultores selecionados no \u00e2mbito do projeto \u201cApoio a PME`S\u201d. Apoio t\u00e9cnico e cria\u00e7\u00e3o\/gest\u00e3o de Zonas de Interven\u00e7\u00e3o Florestal;<\/li>\n<li>Incentivar e coordenar atividades de explora\u00e7\u00e3o cineg\u00e9ticas, e a comercializa\u00e7\u00e3o de produtos resultantes das atividades agr\u00edcola e florestal;<\/li>\n<\/ul>\t\t\t\t\t\t\t\t<\/div>\n\t\t\t\t<\/div>\n\t\t\t\t<div class=\"elementor-element elementor-element-85c3e98 elementor-widget elementor-widget-text-editor\" data-id=\"85c3e98\" data-element_type=\"widget\" data-e-type=\"widget\" data-widget_type=\"text-editor.default\">\n\t\t\t\t<div class=\"elementor-widget-container\">\n\t\t\t\t\t\t\t\t\t<p><strong>Import\u00e2ncia e Impacto na Regi\u00e3o<\/strong><br \/>Com exist\u00eancia de 18 anos, a ANA pretendeu desde o in\u00edcio constituir em si mesma, um polo dinamizador da agricultura na regi\u00e3o onde possui a sua sede \u2013 Izeda.<br \/>Distando Izeda 40 km da sede de Concelho (Bragan\u00e7a) e 30 km da sede dos Concelhos vizinhos (Macedo de Cavaleiros e Vimioso), geograficamente constitui a sua localiza\u00e7\u00e3o um lugar de charneira para as popula\u00e7\u00f5es rurais de Vimioso, Macedo de Cavaleiros e Bragan\u00e7a.<br \/>Por n\u00e3o existir nenhuma estrutura relacionada com a agricultura que pudesse facultar aos agricultores o m\u00ednimo de apoio nos diversos sectores, pens\u00e1mos que Izeda seria o lugar ideal para a ANA desenvolver a sua atividade.<br \/>Assim qualquer agricultor que necessite de apoio e informa\u00e7\u00e3o n\u00e3o ter\u00e1 necessidade de se deslocar \u00e0 sede dos concelhos referidos, evitando desloca\u00e7\u00f5es de 30 e 40 km, economizando regra geral um dia de trabalho, bem como os custos necess\u00e1rios em transportes, alimenta\u00e7\u00e3o e outros.Com exist\u00eancia de 18 anos, a ANA pretendeu desde o in\u00edcio constituir em si mesma, um polo dinamizador da agricultura na regi\u00e3o onde possui a sua sede \u2013 Izeda.<br \/>Distando Izeda 40 km da sede de Concelho (Bragan\u00e7a) e 30 km da sede dos Concelhos vizinhos (Macedo de Cavaleiros e Vimioso), geograficamente constitui a sua localiza\u00e7\u00e3o um lugar de charneira para as popula\u00e7\u00f5es rurais de Vimioso, Macedo de Cavaleiros e Bragan\u00e7a.<br \/>Por n\u00e3o existir nenhuma estrutura relacionada com a agricultura que pudesse facultar aos agricultores o m\u00ednimo de apoio nos diversos sectores, pens\u00e1mos que Izeda seria o lugar ideal para a ANA desenvolver a sua atividade.<br \/>Assim qualquer agricultor que necessite de apoio e informa\u00e7\u00e3o n\u00e3o ter\u00e1 necessidade de se deslocar \u00e0 sede dos concelhos referidos, evitando desloca\u00e7\u00f5es de 30 e 40 km, economizando regra geral um dia de trabalho, bem como os custos necess\u00e1rios em transportes, alimenta\u00e7\u00e3o e outros.<\/p>\n<p>Desde Agosto de 2004, que a ANA possui uma delega\u00e7\u00e3o na sede do Concelho Bragan\u00e7a, no edif\u00edcio Casa do Lavrador, em Bragan\u00e7a, conseguindo desta forma apoiar tamb\u00e9m os agricultores do norte do concelho de Bragan\u00e7a, o qual tem vindo a crescer de uma forma exponencial at\u00e9 \u00e0 data atual. Na perspetiva apresentada, a ANA neste (j\u00e1 longo) per\u00edodo de exist\u00eancia e funcionamento, pensa j\u00e1 ter contribu\u00eddo para a melhoria de vida dos agricultores em geral, e dos associados em particular.<\/p>\t\t\t\t\t\t\t\t<\/div>\n\t\t\t\t<\/div>\n\t\t\t\t<div class=\"elementor-element elementor-element-6a6a8c1 elementor-widget elementor-widget-text-editor\" data-id=\"6a6a8c1\" data-element_type=\"widget\" data-e-type=\"widget\" data-widget_type=\"text-editor.default\">\n\t\t\t\t<div class=\"elementor-widget-container\">\n\t\t\t\t\t\t\t\t\t<p><strong>Associados<\/strong><br \/>Os associados s\u00e3o essencialmente agricultores e t\u00e9cnicos do sector agropecu\u00e1rio, maioritariamente do sector &#8211; Agr\u00edcola, Florestal e Pecu\u00e1rio, com explora\u00e7\u00f5es (maioritariamente) no Distrito de Bragan\u00e7a. A m\u00e3o-de-obra \u00e9 essencialmente familiar, recorrendo alguns \u00e0 m\u00e3o-de-obra eventual. A facha et\u00e1ria dos associados est\u00e1 compreendida entre 19 e os 75 anos de idade, desempenhando a maioria um papel participativo nas atividades e aceita\u00e7\u00e3o de informa\u00e7\u00e3o por parte da Associa\u00e7\u00e3o.<\/p>\t\t\t\t\t\t\t\t<\/div>\n\t\t\t\t<\/div>\n\t\t\t\t<div class=\"elementor-element elementor-element-df15bf1 elementor-widget elementor-widget-text-editor\" data-id=\"df15bf1\" data-element_type=\"widget\" data-e-type=\"widget\" data-widget_type=\"text-editor.default\">\n\t\t\t\t<div class=\"elementor-widget-container\">\n\t\t\t\t\t\t\t\t\t<p><strong>Recursos Humanos<\/strong><br \/>Assembleia-geral \u2013 \u00d3rg\u00e3o m\u00e1ximo da Associa\u00e7\u00e3o Norte Agr\u00edcola cujas compet\u00eancias e atribui\u00e7\u00f5es est\u00e3o definidas nos estatutos.<br \/>Conselho Fiscal \u2013 \u00d3rg\u00e3o competente de controlo conforme definido nos estatutos.<br \/>Direc\u00e7\u00e3o \u2013 \u00d3rg\u00e3o directivo a quem compete a administra\u00e7\u00e3o da Associa\u00e7\u00e3o conforme o definido nos estatutos.<br \/>Departamento de Forma\u00e7\u00e3o \u2013 Tem como atribui\u00e7\u00f5es desenvolver todas as tarefas inerentes \u00e0 actividade da forma\u00e7\u00e3o, em estreita colabora\u00e7\u00e3o com todos os intervenientes, quer sejam superiores, colaboradores ou subordinados.<br \/>Departamento T\u00e9cnico e Servi\u00e7os \u2013 Desenvolve todo o apoio t\u00e9cnico na \u00e1rea Agro-Pecu\u00e1ria e Agro-Florestal, presta os servi\u00e7os T\u00e9cnicos, servi\u00e7o de Aconselhamento Agr\u00edcola e Florestal, necess\u00e1rios ao funcionamento da Associa\u00e7\u00e3o e aos seus associados.<br \/>Coordenador Pedag\u00f3gico \u2013 Elabora os dossiers pedag\u00f3gicos das a\u00e7\u00f5es de forma\u00e7\u00e3o, recolhe e organiza toda a informa\u00e7\u00e3o e acompanha o desenvolvimento do processo formativo.<br \/>Coordenador Financeiro \/ Contabilista \u2013 Organiza e trata toda a documenta\u00e7\u00e3o contabil\u00edstica da Associa\u00e7\u00e3o, quer geral ou espec\u00edfica de programas a desenvolver.<br \/>Administrativos \u2013 Prestam todos os servi\u00e7os de apoio ao funcionamento da Associa\u00e7\u00e3o, tanto ao Departamento T\u00e9cnico e Servi\u00e7os, como ao Departamento de Forma\u00e7\u00e3o.<br \/>Formadores \u2013 Exercem a atividade de Formadores nas a\u00e7\u00f5es desenvolvidas pela Associa\u00e7\u00e3o em colabora\u00e7\u00e3o e respeito pelo Regulamento Interno da Forma\u00e7\u00e3o.<br \/>Colaboradores \u2013 Pessoas singulares ou coletivas que se relacionam com a Associa\u00e7\u00e3o por for\u00e7a de celebra\u00e7\u00e3o de contratos de presta\u00e7\u00e3o de servi\u00e7os, ced\u00eancias, ou fornecimentos.<\/p>\t\t\t\t\t\t\t\t<\/div>\n\t\t\t\t<\/div>\n\t\t\t\t<div class=\"elementor-element elementor-element-ed2d9db elementor-widget elementor-widget-image\" data-id=\"ed2d9db\" data-element_type=\"widget\" data-e-type=\"widget\" data-widget_type=\"image.default\">\n\t\t\t\t<div class=\"elementor-widget-container\">\n\t\t\t\t\t\t\t\t\t\t\t\t\t\t\t<img fetchpriority=\"high\" decoding=\"async\" width=\"640\" height=\"423\" src=\"https:\/\/anorteagricola.pt\/wp-content\/uploads\/2024\/11\/Captura-de-ecra-2024-11-12-142424.png\" class=\"attachment-large size-large wp-image-106\" alt=\"\" srcset=\"https:\/\/anorteagricola.pt\/wp-content\/uploads\/2024\/11\/Captura-de-ecra-2024-11-12-142424.png 795w, https:\/\/anorteagricola.pt\/wp-content\/uploads\/2024\/11\/Captura-de-ecra-2024-11-12-142424-300x198.png 300w, https:\/\/anorteagricola.pt\/wp-content\/uploads\/2024\/11\/Captura-de-ecra-2024-11-12-142424-768x507.png 768w\" sizes=\"(max-width: 640px) 100vw, 640px\" \/>\t\t\t\t\t\t\t\t\t\t\t\t\t\t\t<\/div>\n\t\t\t\t<\/div>\n\t\t\t\t<div class=\"elementor-element elementor-element-2d9d6e0 elementor-widget elementor-widget-text-editor\" data-id=\"2d9d6e0\" data-element_type=\"widget\" data-e-type=\"widget\" data-widget_type=\"text-editor.default\">\n\t\t\t\t<div class=\"elementor-widget-container\">\n\t\t\t\t\t\t\t\t\t<p><strong>Instala\u00e7\u00f5es e equipamentos<\/strong><br \/>A sede da Associa\u00e7\u00e3o Norte Agr\u00edcola tem as suas instala\u00e7\u00f5es na Casa do Povo, em Izeda, adaptada para o efeito, dispondo de dois gabinetes, uma sala para forma\u00e7\u00e3o, uma arrecada\u00e7\u00e3o e instala\u00e7\u00f5es sanit\u00e1rias. Quanto ao equipamento, disp\u00f5e do necess\u00e1rio para o razo\u00e1vel funcionamento e conforto no trabalho, os gabinetes est\u00e3o equipados com secret\u00e1rias, cadeiras, estantes e equipamentos de apoio, nomeadamente: fotocopiadora, telefone e fax, computadores, impressoras e aquecedores. A arrecada\u00e7\u00e3o \u00e9 ocupada com estantes para o arquivo e arruma\u00e7\u00f5es; as instala\u00e7\u00f5es sanit\u00e1rias s\u00e3o normais e higi\u00e9nicas. Desde Agosto de 2004, a ANA possui uma delega\u00e7\u00e3o na sede do Concelho \u2013 Bragan\u00e7a, no edif\u00edcio Casa do Lavrador, com acesso a todo o equipamento, nomeadamente duas salas de forma\u00e7\u00e3o e um audit\u00f3rio.<\/p>\t\t\t\t\t\t\t\t<\/div>\n\t\t\t\t<\/div>\n\t\t\t\t<div class=\"elementor-element elementor-element-8a3220b elementor-widget elementor-widget-text-editor\" data-id=\"8a3220b\" data-element_type=\"widget\" data-e-type=\"widget\" data-widget_type=\"text-editor.default\">\n\t\t\t\t<div class=\"elementor-widget-container\">\n\t\t\t\t\t\t\t\t\t<p><strong>ACTIVADADES DESENVOLVIDAS<\/strong><\/p><p>A Associa\u00e7\u00e3o Norte Agr\u00edcola, adiante designada por ANA, tem desenvolvidocom rigor, cursos que se adaptem \u00e0s necessidades dos agricultores. Desde 1999 at\u00e9 \u00e0 data a ANA desenvolveu um volume de Forma\u00e7\u00e3o de cerca de 8650horas, na \u00e1rea Agr\u00edcola, Pecu\u00e1ria e Florestal, com especial destaque para os seguintes cursos:<\/p><ul><li>OMA \u2013 Operador de M\u00e1quinas Agr\u00edcolas.<\/li><li>Opera\u00e7\u00e3o e Regula\u00e7\u00e3o de M\u00e1quinas de Corte.<\/li><li>APF \u2013 Aplicadores de Produtos Fitofarmac\u00eauticos.<\/li><\/ul><p>Participa num projeto de forma\u00e7\u00e3o e consultadoria para PME em gest\u00e3o agr\u00edcola, desde 2004, tendo este, j\u00e1 formado 46 explora\u00e7\u00f5es agr\u00edcolas.<\/p><p>Elabora e executa projetos florestais e agr\u00edcolas. \u00c9 entidade respons\u00e1vel pelo processo de constitui\u00e7\u00e3o de ZIFs (Zonas de Interven\u00e7\u00e3o Florestal).<\/p><ul><li>Zona de Interven\u00e7\u00e3o Florestal Senhora do Aviso (processo n.\u00ba 55\/06-AFN) &#8211; Concelhos: Bragan\u00e7a e Macedo de Cavaleiros;<\/li><li>Zona de Interven\u00e7\u00e3o Florestal de Rebordainhos (processo n.\u00ba 159\/07-AFN) &#8211; Concelho: de Bragan\u00e7a;<\/li><li>Associa\u00e7\u00e3o Norte Agr\u00edcola \u2013 Izeda 8.<\/li><\/ul><p>Presta Servi\u00e7o de Aconselhamento Agr\u00edcola (SAA) aos seus associados tendo uma candidatura desde 2010 tendo j\u00e1 elaborado cerca de 250 servi\u00e7os.<\/p>\t\t\t\t\t\t\t\t<\/div>\n\t\t\t\t<\/div>\n\t\t\t\t<div class=\"elementor-element elementor-element-ad1918c elementor-widget elementor-widget-text-editor\" data-id=\"ad1918c\" data-element_type=\"widget\" data-e-type=\"widget\" data-widget_type=\"text-editor.default\">\n\t\t\t\t<div class=\"elementor-widget-container\">\n\t\t\t\t\t\t\t\t\t<p>COOPERA\u00c7\u00c3O<br \/>Colabora com a Confedera\u00e7\u00e3o Nacional das Cooperativas Agr\u00edcolas e do cr\u00e9dito Agr\u00edcola de Portugal &#8211; CCRL(CONFAGRI), Federa\u00e7\u00e3o da Agricultura de Tr\u00e1sos-Montes e Alto Douro (FATA), A, CCAM de Izeda, APATA de Mogadouro, CAGEST de Carrazeda de Ansi\u00e3es, CGRDI de Freixo de Espada \u00e0 Cinta, AFBT de Moimenta de Beira, AGUIARFLORESTA de Vila Pouca de Aguiar.<\/p>\t\t\t\t\t\t\t\t<\/div>\n\t\t\t\t<\/div>\n\t\t\t\t<div class=\"elementor-element elementor-element-0cb65ab elementor-widget elementor-widget-text-editor\" data-id=\"0cb65ab\" data-element_type=\"widget\" data-e-type=\"widget\" data-widget_type=\"text-editor.default\">\n\t\t\t\t<div class=\"elementor-widget-container\">\n\t\t\t\t\t\t\t\t\t<p>A ANA est\u00e1 reconhecida:<\/p>\n<ul>\n<li>Pela DGADR (em parceria com a FATA) para O Sistema de Aconselhamento Agr\u00edcola.<\/li>\n<li>Pela Dire\u00e7\u00e3o Geral de Hidr\u00e1ulica do Norte, para o processo de Licenciamento e Regulariza\u00e7\u00e3o de Utiliza\u00e7\u00e3o dos Recursos H\u00eddricos.<\/li>\n<li>Como Entidade recetora de candidaturas.<\/li>\n<li>Como Posto de Atendimento e Posto Inform\u00e1tico do S.N.I.R.B e S.N.I.R.A.<\/li>\n<li>Como entidade recetora de documentos no sector vitivin\u00edcola.<\/li>\n<\/ul>\t\t\t\t\t\t\t\t<\/div>\n\t\t\t\t<\/div>\n\t\t\t\t\t<\/div>\n\t\t\t\t<\/div>\n\t\t\t\t<\/div>\n\t\t","protected":false},"excerpt":{"rendered":"<p>A ANA \u2013 Associa\u00e7\u00e3o Norte Agr\u00edcola, como todas as Organiza\u00e7\u00f5es, \u00e9 uma unidade social coordenada conscientemente com uma base de funcionamento relativamente cont\u00ednua para alcan\u00e7ar um objetivo ou um conjunto de objetivos; pretende obter uma ou v\u00e1rias vantagens e corresponder a necessidades (pessoais, econ\u00f3micas, de seguran\u00e7a, etc.) dos seus associados, funcion\u00e1rios e utilizadores. A miss\u00e3o [&hellip;]<\/p>\n","protected":false},"author":1,"featured_media":0,"parent":0,"menu_order":0,"comment_status":"closed","ping_status":"closed","template":"","meta":{"footnotes":""},"class_list":["post-13","page","type-page","status-publish","hentry"],"_links":{"self":[{"href":"https:\/\/anorteagricola.pt\/index.php\/wp-json\/wp\/v2\/pages\/13","targetHints":{"allow":["GET"]}}],"collection":[{"href":"https:\/\/anorteagricola.pt\/index.php\/wp-json\/wp\/v2\/pages"}],"about":[{"href":"https:\/\/anorteagricola.pt\/index.php\/wp-json\/wp\/v2\/types\/page"}],"author":[{"embeddable":true,"href":"https:\/\/anorteagricola.pt\/index.php\/wp-json\/wp\/v2\/users\/1"}],"replies":[{"embeddable":true,"href":"https:\/\/anorteagricola.pt\/index.php\/wp-json\/wp\/v2\/comments?post=13"}],"version-history":[{"count":17,"href":"https:\/\/anorteagricola.pt\/index.php\/wp-json\/wp\/v2\/pages\/13\/revisions"}],"predecessor-version":[{"id":201,"href":"https:\/\/anorteagricola.pt\/index.php\/wp-json\/wp\/v2\/pages\/13\/revisions\/201"}],"wp:attachment":[{"href":"https:\/\/anorteagricola.pt\/index.php\/wp-json\/wp\/v2\/media?parent=13"}],"curies":[{"name":"wp","href":"https:\/\/api.w.org\/{rel}","templated":true}]}}